{"id":110,"date":"2009-09-06T12:00:10","date_gmt":"2009-09-06T10:00:10","guid":{"rendered":"http:\/\/www.fc-eschach.de\/?page_id=110"},"modified":"2018-03-26T15:04:25","modified_gmt":"2018-03-26T13:04:25","slug":"ski","status":"publish","type":"page","link":"http:\/\/www.fc-eschach.de\/?page_id=110","title":{"rendered":"Ski"},"content":{"rendered":"<p>Wir, die Skiabteilung des 1.FC Eschach, k\u00fcmmern uns um das Wintersportangebot des Vereins.<\/p>\n<p>J\u00e4hrlich wird eine mehrt\u00e4gige Skiausfahrt und je nach Resonanz auch eine Tagesausfahrt organisiert. Bei der Wahl des Skigebiets wird nat\u00fcrlich immer auf alle Teilnehmer geachtet, so ist f\u00fcr Familien, sowie auch f\u00fcr unsere Freunde des gepflegten Apr\u00e9s Ski&#8217;s, etwas dabei. Im letzten Jahr ging der Ausflug in das Weltcup-Skigebiet von S\u00f6lden.<\/p>\n<p>Zus\u00e4tzlich organisieren wir, je nach Schneesituation bei uns im L\u00e4ndle, ein kleines Event, in Form eines Rodelwettbewerbs oder einer kleinen Apr\u00e9s Ski Party, f\u00fcr alle begeisterten Dorfbewohner.<\/p>\n<p>Auch im Sommer sind wir aktiv und laden zum gemeinsamen Kletter- oder Wanderausflug ein.<\/p>\n<p>Die Skiabteilung des 1.FC Eschach freut sich \u00fcber viele motivierte Wintersportler und eine zahlreiche Teilnahme an allen Aktivit\u00e4ten der Saison!<\/p>\n","protected":false},"excerpt":{"rendered":"<p>Wir, die Skiabteilung des 1.FC Eschach, k\u00fcmmern uns um das Wintersportangebot des Vereins. J\u00e4hrlich wird eine mehrt\u00e4gige Skiausfahrt und je nach Resonanz auch eine Tagesausfahrt organisiert. Bei der Wahl des &hellip; <a href=\"http:\/\/www.fc-eschach.de\/?page_id=110\" class=\"more-link\"><span class=\"screen-reader-text\">Ski<\/span> weiterlesen <span class=\"meta-nav\">&rarr;<\/span><\/a><\/p>\n","protected":false},"author":2,"featured_media":0,"parent":0,"menu_order":5,"comment_status":"closed","ping_status":"closed","template":"","meta":{"footnotes":""},"class_list":["post-110","page","type-page","status-publish","hentry"],"_links":{"self":[{"href":"http:\/\/www.fc-eschach.de\/index.php?rest_route=\/wp\/v2\/pages\/110","targetHints":{"allow":["GET"]}}],"collection":[{"href":"http:\/\/www.fc-eschach.de\/index.php?rest_route=\/wp\/v2\/pages"}],"about":[{"href":"http:\/\/www.fc-eschach.de\/index.php?rest_route=\/wp\/v2\/types\/page"}],"author":[{"embeddable":true,"href":"http:\/\/www.fc-eschach.de\/index.php?rest_route=\/wp\/v2\/users\/2"}],"replies":[{"embeddable":true,"href":"http:\/\/www.fc-eschach.de\/index.php?rest_route=%2Fwp%2Fv2%2Fcomments&post=110"}],"version-history":[{"count":5,"href":"http:\/\/www.fc-eschach.de\/index.php?rest_route=\/wp\/v2\/pages\/110\/revisions"}],"predecessor-version":[{"id":3083,"href":"http:\/\/www.fc-eschach.de\/index.php?rest_route=\/wp\/v2\/pages\/110\/revisions\/3083"}],"wp:attachment":[{"href":"http:\/\/www.fc-eschach.de\/index.php?rest_route=%2Fwp%2Fv2%2Fmedia&parent=110"}],"curies":[{"name":"wp","href":"https:\/\/api.w.org\/{rel}","templated":true}]}}