{"id":27,"date":"2009-09-06T12:00:33","date_gmt":"2009-09-06T10:00:33","guid":{"rendered":"http:\/\/www.fc-eschach.de\/?page_id=27"},"modified":"2025-09-09T19:23:44","modified_gmt":"2025-09-09T17:23:44","slug":"vorstand","status":"publish","type":"page","link":"http:\/\/www.fc-eschach.de\/?page_id=27","title":{"rendered":"Vorstand"},"content":{"rendered":"<p>Der Vorstand besteht aus dem Sprecher (Vorsitzenden), stellvertretenden Vorsitzenden, Kassenverwaltern und Schriftf\u00fchrer. Der Vorstand f\u00fchrt die Gesch\u00e4fte des Vereins und erledigt alle Verwaltungsaufgaben, soweit sie nicht durch Satzung, Vereinsordnung oder Gesetz einem anderen Vereinsorgan zugewiesen sind.<\/p>\n<p><strong>Gru\u00dfwort des Sprechers des Vorstands:<\/strong><\/p>\n<p align=\"JUSTIFY\">Liebe Sportfreunde, liebe Besucher,<\/p>\n<p align=\"JUSTIFY\">der 1.FC Eschach 1947 bietet neben dem Fu\u00dfball in seinen Abteilungen (Volleyball, Freizeitsport und Ski) auch Breitensport an. Mit seinen vielf\u00e4ltigen Aktivit\u00e4ten tr\u00e4gt unser Verein auch ma\u00dfgeblich zum sozialen und kulturellen Angebot in der Gemeinde Eschach bei.<\/p>\n<p align=\"JUSTIFY\">Von der Gr\u00fcndung in der Nachkriegszeit entwickelte sich der Verein zu einem kleinen \u201eUnternehmen\u201c mit Vorstand, Ausschuss und Gesch\u00e4ftsstelle. Durch diese Struktur k\u00f6nnen die gesellschaftlichen Herausforderungen der heutigen Zeit bew\u00e4ltigt werden. Jeder, der hier einen Beitrag bringen kann und m\u00f6chte, ist in unseren Reihen gerne gesehen. Die ehrenamtliche T\u00e4tigkeit im Verein ist ein wichtiger Grundpfeiler unserer Gesellschaft.<\/p>\n<p align=\"JUSTIFY\">Alle gesellschaftlichen Gruppierungen sollen sich in unserem Verein wohlf\u00fchlen. Unter dem Motto \u201eSport macht Freude\u201d rufe ich alle Mitglieder und (noch) Nichtmitglieder auf das Angebot des 1.FC Eschach zu nutzen und weiter zu entwickeln.<\/p>\n<p align=\"JUSTIFY\">Allen Mitgliedern w\u00fcnsche ich viel Erfolg.<\/p>\n<p>Markus Sp\u00e4th<br \/>\nSprecher des Vorstands<\/p>\n","protected":false},"excerpt":{"rendered":"<p>Der Vorstand besteht aus dem Sprecher (Vorsitzenden), stellvertretenden Vorsitzenden, Kassenverwaltern und Schriftf\u00fchrer. Der Vorstand f\u00fchrt die Gesch\u00e4fte des Vereins und erledigt alle Verwaltungsaufgaben, soweit sie nicht durch Satzung, Vereinsordnung oder &hellip; <a href=\"http:\/\/www.fc-eschach.de\/?page_id=27\" class=\"more-link\"><span class=\"screen-reader-text\">Vorstand<\/span> weiterlesen <span class=\"meta-nav\">&rarr;<\/span><\/a><\/p>\n","protected":false},"author":2,"featured_media":0,"parent":5,"menu_order":1,"comment_status":"closed","ping_status":"closed","template":"","meta":{"footnotes":""},"class_list":["post-27","page","type-page","status-publish","hentry"],"_links":{"self":[{"href":"http:\/\/www.fc-eschach.de\/index.php?rest_route=\/wp\/v2\/pages\/27","targetHints":{"allow":["GET"]}}],"collection":[{"href":"http:\/\/www.fc-eschach.de\/index.php?rest_route=\/wp\/v2\/pages"}],"about":[{"href":"http:\/\/www.fc-eschach.de\/index.php?rest_route=\/wp\/v2\/types\/page"}],"author":[{"embeddable":true,"href":"http:\/\/www.fc-eschach.de\/index.php?rest_route=\/wp\/v2\/users\/2"}],"replies":[{"embeddable":true,"href":"http:\/\/www.fc-eschach.de\/index.php?rest_route=%2Fwp%2Fv2%2Fcomments&post=27"}],"version-history":[{"count":8,"href":"http:\/\/www.fc-eschach.de\/index.php?rest_route=\/wp\/v2\/pages\/27\/revisions"}],"predecessor-version":[{"id":3436,"href":"http:\/\/www.fc-eschach.de\/index.php?rest_route=\/wp\/v2\/pages\/27\/revisions\/3436"}],"up":[{"embeddable":true,"href":"http:\/\/www.fc-eschach.de\/index.php?rest_route=\/wp\/v2\/pages\/5"}],"wp:attachment":[{"href":"http:\/\/www.fc-eschach.de\/index.php?rest_route=%2Fwp%2Fv2%2Fmedia&parent=27"}],"curies":[{"name":"wp","href":"https:\/\/api.w.org\/{rel}","templated":true}]}}